{"id":105367,"date":"2025-11-21T18:46:07","date_gmt":"2025-11-21T17:46:07","guid":{"rendered":"https:\/\/vdegallo.com\/?post_type=product&#038;p=105367"},"modified":"2025-11-21T20:35:56","modified_gmt":"2025-11-21T19:35:56","slug":"bach-sonatas-and-partitas-saskia-lethiec","status":"publish","type":"product","link":"https:\/\/vdegallo.com\/fr\/produit\/bach-sonatas-and-partitas-saskia-lethiec\/","title":{"rendered":"Bach: The Sonatas and Partitas for solo Violin &#8211; Saskia Lethiec"},"content":{"rendered":"<h4>Bach: The Sonatas and Partitas for solo Violin &#8211; Saskia Lethiec<\/h4>\n<p><strong>CD1:<\/strong><br \/>\n<strong>Johann Sebastian BACH:<\/strong> Violin Sonata No. 1 in G Minor, BWV 1001: I. Adagio &#8211; II. Fugue (Allegro) &#8211; III. Sicilienne &#8211; IV. Presto &#8211; Violin Partita No. 1 in B Minor, BWV 1002: I. Allemande &#8211; II. Double &#8211; III. Courante &#8211; IV. Double (Presto) &#8211; V. Sarabande &#8211; VI. Double I &#8211; VII. Tempo de bourr\u00e9e &#8211; VIII. Double II &#8211; Violin Sonata No. 2 in A Minor, BWV 1003: I. Grave &#8211; II. Fugue &#8211; III. Andante &#8211; IV. Allegro.<\/p>\n<p><strong>CD2:<\/strong><br \/>\n<strong>Johann Sebastian BACH:<\/strong> Violin Partita No. 2 in D Minor, BWV 1004: I. Allemande &#8211; II. Courante &#8211; III. Sarabande &#8211; IV. Gigue &#8211; V. Chaconne &#8211; Violin Sonata No. 3 in C Major, BWV 1005: I. Adagio &#8211; II. Fugue &#8211; III. Largo &#8211; IV. Allegro Assai &#8211; Violin Partita No. 3 in E Major, BWV 1006: I. Prelude &#8211; II. Loure &#8211; III. Gavotte en rondeau &#8211; IV. Menuet I &#8211; V. Menuet II &#8211; VI. Bourr\u00e9e &#8211; VII. Gigue.<\/p>\n<p><strong>Saskia Lethiec,<\/strong> violon.<\/p>\n<p><a href=\"https:\/\/www.saskialethiec.com\/\" target=\"_blank\" rel=\"noopener\">https:\/\/www.saskialethiec.com\/<\/a><\/p>\n<hr \/>\n<p><strong>\u00c0 propos du projet<\/strong><\/p>\n<p>Nous avons c\u00e9l\u00e9br\u00e9 cette ann\u00e9e 2025 les 325 ans de la mort de Jean-S\u00e9bastien Bach. C\u2019est aussi l\u2019ann\u00e9e de mes cinquante ans et j\u2019ai senti que c\u2019\u00e9tait le juste moment dans mon parcours musical pour enregistrer les Sonates et Partitas pour violon seul qui me portent et m\u2019habitent musicalement depuis l\u2019\u00e2ge de 13 ans.<\/p>\n<p>J\u2019ai choisi l\u2019\u00e9glise de Comps dans la Dr\u00f4me, joyau d\u2019architecture romane, construite sur une colline au milieu de la Nature. Ce lieu r\u00e9sonne pour moi de mani\u00e8re id\u00e9ale pour interpr\u00e9ter ces \u0153uvres.<\/p>\n<p>La r\u00e9verb\u00e9ration naturelle permet de faire ressortir tous les jeux polyphoniques demand\u00e9s par l\u2019\u00e9criture et de capter par les micros la richesse sonore et le timbre de mon violon de Louis Guersan datant de 1741 mont\u00e9 en boyaux fil\u00e9s. Le grain et les attaques de mon archet de facture fin de la p\u00e9riode baroque d\u00e9but classique sign\u00e9 Craig Ryder participent \u00e9galement intimement au ciselage du discours et \u00e0 la mise en valeur des jeux rythmiques tr\u00e8s subtils de la partition.<\/p>\n<p>Toutes les conditions ont \u00e9t\u00e9 r\u00e9unies pour capter l\u2019expression violonistique de ces Sonates et Partitas que je suis profond\u00e9ment heureuse de partager avec vous.<\/p>\n<p><strong>Un grand merci<\/strong><br \/>\n\u00e0 Pascaline Dallemagne pour la co-production et la d\u00e9couverte de ce lieu,<br \/>\n\u00e0 Anton Xuereb pour l\u2019ing\u00e9nierie du son,<br \/>\n\u00e0 Jacqueline G\u00e9ron pour son \u00e9coute pr\u00e9cieuse,<br \/>\n\u00e0 H\u00e9l\u00e8ne Averous pour les \u0153uvres picturales qui embellissent ce livret.<\/p>\n<p style=\"text-align: right;\"><strong><em>Saskia Lethiec<\/em><\/strong><\/p>\n<hr \/>\n<p><strong>Saskia Lethiec, violon<\/strong><\/p>\n<p>Concertiste et Professeur titulaire \u00e0 CA au CRR de Versailles, Saskia Lethiec est invit\u00e9e \u00e0 jouer dans les plus belles salles d\u2019Europe, d\u2019Asie et d\u2019Am\u00e9rique latine (Th\u00e9\u00e2tre des Champs-Elys\u00e9es, Philharmonie de Paris, d\u2019Helsinki, Grand Th\u00e9\u00e2tre de Gen\u00e8ve, Wiener Konzerthaus, Seoul National Center, Folles Journ\u00e9es de Nantes, Varsovie et Tokyo, Buenos Aires Theatro Gran Rex), dans les festivals prestigieux (Pablo Casals, Guadalajara, Fl\u00e2neries de Reims, Sceaux, Verbier), au sein de diff\u00e9rentes formations de musique de chambre et en soliste avec orchestre (Orchestre Simon Bolivar de Caracas, Orchestre de la Suisse Romande, Orchestre PACA de Cannes, North Portugal Orchestra, Orchestre de chambre de Toulouse).<\/p>\n<p>Form\u00e9e \u00e0 la HEM de Gen\u00e8ve (J.P. Wallez), CNSMD de Paris (G. Poulet), \u00e0 la Hochschule de L\u00fcbeck (Z. Bron) et de Cologne (M. Martin), elle est demi-finaliste du concours international Fritz Kreisler de Vienne, finaliste du concours international Georges Enesco de Bucarest et 3e Prix du concours international Ferras-Barbizet.<\/p>\n<p>Elle a approfondi le r\u00e9pertoire de la musique de chambre aupr\u00e8s de grands Ma\u00eetres comme Alain Meunier, Walter Levin, Hatto Beyerle, G\u00fcnter Pichler pour le quatuor \u00e0 cordes ; Christian Ivaldi, Miriam Fried (Ravinia Festival), Maurice Hasson pour la sonate avec piano et Patrick Bismuth pour la musique baroque.<\/p>\n<p>Elle s\u2019est produite avec le Quatuor Lugha dans l\u2019int\u00e9grale des quatuors de W.A. Mozart et dans plus de la moiti\u00e9 de ceux de J. Haydn sur archet classique.<\/p>\n<p>Elle est d\u00e9dicataire de plusieurs \u0153uvres de compositeurs d\u2019aujourd\u2019hui (E. Canat de Chizy, P. Raynaud). La plus r\u00e9cente cr\u00e9ation, <em>Chants Ha\u00efku<\/em> de K. Maratka, a eu lieu en juillet 2025 au Nice Classic Festival.<\/p>\n<p>Elle a enregistr\u00e9 de nombreux disques dont une grande partie avec J\u00e9r\u00f4me Granjon avec lequel elle a fond\u00e9 le Trio Hoboken et le Festival Erard.<\/p>\n<p>Ils ont re\u00e7u de nombreuses r\u00e9compenses de la presse (Classica, Diapason, Le Monde).<\/p>\n<hr \/>\n<p><a href=\"https:\/\/vdegallo.com\/wp-content\/uploads\/2025\/11\/VEL1759-1760-Booklet.pdf\" target=\"_blank\" rel=\"noopener\">VEL1759-1760 Booklet.pdf<\/a><\/p>\n","protected":false},"excerpt":{"rendered":"<p><strong>Extraits \/ Excerpts<\/strong><\/p>\n<hr \/>\n[playlist images=\"false\" ids=\"105404,105377,105416,105413,105422,105395,105383,105401,105425,105407,105386,105419,105398,105410,105389,105392,105452,105443,105446,105464,105434,105437,105428,105467,105455,105461,105458,105440,105470,105473,105449,105431\"]\n","protected":false},"featured_media":105374,"comment_status":"closed","ping_status":"closed","template":"","meta":{"_acf_changed":false},"product_brand":[],"product_cat":[5218,5155,5183],"product_tag":[],"class_list":["post-105367","product","type-product","status-publish","has-post-thumbnail","vde_composers-bach-johann-sebastian","vde_interprets-lethiec-saskia","product_cat-cascavelle-fr","product_cat-nos-nouveautes","product_cat-violon-seul","first","instock","taxable","shipping-taxable","purchasable","product-type-simple"],"acf":[],"_links":{"self":[{"href":"https:\/\/vdegallo.com\/fr\/wp-json\/wp\/v2\/product\/105367","targetHints":{"allow":["GET"]}}],"collection":[{"href":"https:\/\/vdegallo.com\/fr\/wp-json\/wp\/v2\/product"}],"about":[{"href":"https:\/\/vdegallo.com\/fr\/wp-json\/wp\/v2\/types\/product"}],"replies":[{"embeddable":true,"href":"https:\/\/vdegallo.com\/fr\/wp-json\/wp\/v2\/comments?post=105367"}],"wp:featuredmedia":[{"embeddable":true,"href":"https:\/\/vdegallo.com\/fr\/wp-json\/wp\/v2\/media\/105374"}],"wp:attachment":[{"href":"https:\/\/vdegallo.com\/fr\/wp-json\/wp\/v2\/media?parent=105367"}],"wp:term":[{"taxonomy":"product_brand","embeddable":true,"href":"https:\/\/vdegallo.com\/fr\/wp-json\/wp\/v2\/product_brand?post=105367"},{"taxonomy":"product_cat","embeddable":true,"href":"https:\/\/vdegallo.com\/fr\/wp-json\/wp\/v2\/product_cat?post=105367"},{"taxonomy":"product_tag","embeddable":true,"href":"https:\/\/vdegallo.com\/fr\/wp-json\/wp\/v2\/product_tag?post=105367"}],"curies":[{"name":"wp","href":"https:\/\/api.w.org\/{rel}","templated":true}]}}